{"id":8058,"date":"2022-08-23T09:54:43","date_gmt":"2022-08-23T09:54:43","guid":{"rendered":"http:\/\/atelier-des-cuisiniers.com\/?page_id=8058"},"modified":"2023-04-20T11:36:53","modified_gmt":"2023-04-20T11:36:53","slug":"recettes","status":"publish","type":"page","link":"https:\/\/atelier-des-cuisiniers.com\/fr\/recettes\/","title":{"rendered":"recettes"},"content":{"rendered":"<section class=\"l-section wpb_row height_custom\"><div class=\"l-section-h i-cf\"><div class=\"g-cols vc_row via_grid cols_2-1 laptops-cols_inherit tablets-cols_inherit mobiles-cols_1 valign_top type_default\"><div class=\"wpb_column vc_column_container\"><div class=\"vc_column-inner\"><div class=\"w-grid type_grid layout_1639 cols_2 with_css_animation\" id=\"us_grid_1\" data-filterable=\"true\"><style>#us_grid_1 .w-grid-item{padding:1.5rem}#us_grid_1 .w-grid-list{margin:-1.5rem -1.5rem 1.5rem}.w-grid + #us_grid_1 .w-grid-list,.w-grid-none + #us_grid_1 .w-grid-list{margin-top:1.5rem}@media (max-width:599px){#us_grid_1 .w-grid-list{margin:0}#us_grid_1 .w-grid-item{width:100%;padding:0;margin-bottom:1.5rem}}.layout_1639 .w-grid-item-h{}.layout_1639 .usg_post_image_1{margin-right:5%!important;margin-left:0!important;width:30%!important}.layout_1639 .usg_post_title_1{font-family:var(--font-body)!important;font-size:1.7rem!important}.layout_1639 .usg_post_content_1{font-family:var(--font-body)!important}.layout_1639 .usg_post_date_1{font-family:var(--font-body)!important;font-size:0.9rem!important}<\/style><div class=\"w-grid-list\">\t<article class=\"w-grid-item us_animate_afl size_1x1 post-9902 post type-post status-publish format-standard has-post-thumbnail hentry category-plats\" data-id=\"9902\" style=\"animation-delay:0s\">\r\n\t\t<div class=\"w-grid-item-h\">\r\n\t\t\t\t\t\t<div class=\"w-hwrapper usg_hwrapper_1 align_left valign_top\"><div class=\"w-post-elm post_image usg_post_image_1 as_circle has_width stretched\"><a href=\"https:\/\/atelier-des-cuisiniers.com\/fr\/magret-de-canard-a-lorange-gastronomique-et-navet-boule\/\" aria-label=\"Magret de canard \u00e0 l\u2019orange gastronomique et navet boule\"><img loading=\"lazy\" decoding=\"async\" width=\"740\" height=\"500\" src=\"https:\/\/atelier-des-cuisiniers.com\/wp-content\/uploads\/magre-de-canard.jpg\" class=\"attachment-us_600_600_crop size-us_600_600_crop wp-post-image\" alt=\"\" srcset=\"https:\/\/atelier-des-cuisiniers.com\/wp-content\/uploads\/magre-de-canard.jpg 740w, https:\/\/atelier-des-cuisiniers.com\/wp-content\/uploads\/magre-de-canard-300x203.jpg 300w, https:\/\/atelier-des-cuisiniers.com\/wp-content\/uploads\/magre-de-canard-18x12.jpg 18w, https:\/\/atelier-des-cuisiniers.com\/wp-content\/uploads\/magre-de-canard-592x400.jpg 592w\" sizes=\"auto, (max-width: 740px) 100vw, 740px\" \/><\/a><\/div><div class=\"w-vwrapper usg_vwrapper_1 align_left valign_top\"><h2 class=\"w-post-elm post_title usg_post_title_1 entry-title color_link_inherit\"><a href=\"https:\/\/atelier-des-cuisiniers.com\/fr\/magret-de-canard-a-lorange-gastronomique-et-navet-boule\/\">Magret de canard \u00e0 l\u2019orange gastronomique et navet boule<\/a><\/h2><time class=\"w-post-elm post_date usg_post_date_1 entry-date published\" datetime=\"2023-06-13T18:03:23+00:00\" title=\"13 juin 2023 \u00e0 18:03:23 +00:00\">13 Juin 2023<\/time><div class=\"w-post-elm post_content usg_post_content_1\">Ingr\u00e9dients : Prepation 35 mn Cuisson : 45 mn Pr\u00e9parations pr\u00e9alable 1 : Avant toute chose, commencez par pr\u00e9parer vos magrets de canard. D\u00e9graissez l\u00e9g\u00e8rement, parez la viande (enlevez les nerfs, coupez les\u2026<\/div><\/div><\/div>\t\t<\/div>\r\n\t<\/article>\r\n\t<article class=\"w-grid-item us_animate_afl size_1x1 post-9899 post type-post status-publish format-standard has-post-thumbnail hentry category-entrees\" data-id=\"9899\" style=\"animation-delay:0.1s\">\r\n\t\t<div class=\"w-grid-item-h\">\r\n\t\t\t\t\t\t<div class=\"w-hwrapper usg_hwrapper_1 align_left valign_top\"><div class=\"w-post-elm post_image usg_post_image_1 as_circle has_width stretched\"><a href=\"https:\/\/atelier-des-cuisiniers.com\/fr\/aumoniere-de-feuille-de-brick-au-chevre\/\" aria-label=\"Aum\u00f4ni\u00e8re de feuille de brick au ch\u00e8vre\"><img loading=\"lazy\" decoding=\"async\" width=\"400\" height=\"400\" src=\"https:\/\/atelier-des-cuisiniers.com\/wp-content\/uploads\/Aumoniere-de-feuille-de-brick-au-chevre.jpg\" class=\"attachment-us_600_600_crop size-us_600_600_crop wp-post-image\" alt=\"\" srcset=\"https:\/\/atelier-des-cuisiniers.com\/wp-content\/uploads\/Aumoniere-de-feuille-de-brick-au-chevre.jpg 400w, https:\/\/atelier-des-cuisiniers.com\/wp-content\/uploads\/Aumoniere-de-feuille-de-brick-au-chevre-300x300.jpg 300w, https:\/\/atelier-des-cuisiniers.com\/wp-content\/uploads\/Aumoniere-de-feuille-de-brick-au-chevre-150x150.jpg 150w, https:\/\/atelier-des-cuisiniers.com\/wp-content\/uploads\/Aumoniere-de-feuille-de-brick-au-chevre-12x12.jpg 12w\" sizes=\"auto, (max-width: 400px) 100vw, 400px\" \/><\/a><\/div><div class=\"w-vwrapper usg_vwrapper_1 align_left valign_top\"><h2 class=\"w-post-elm post_title usg_post_title_1 entry-title color_link_inherit\"><a href=\"https:\/\/atelier-des-cuisiniers.com\/fr\/aumoniere-de-feuille-de-brick-au-chevre\/\">Aum\u00f4ni\u00e8re de feuille de brick au ch\u00e8vre<\/a><\/h2><time class=\"w-post-elm post_date usg_post_date_1 entry-date published\" datetime=\"2023-06-13T17:52:33+00:00\" title=\"13 juin 2023 \u00e0 17:52:33 +00:00\">13 Juin 2023<\/time><div class=\"w-post-elm post_content usg_post_content_1\">INGR\u00c9DIENTS : PERSONNE : 4. 4 Feuille(s) de brick 4 Crottin(s) de ch\u00e8vre 4 Miel liquide 4 c. \u00e0 caf\u00e9 Herbes de provence 1 c. \u00e0 soupe Sel poivre PR\u00c9PARATION : Pr\u00e9paration :\u2026<\/div><\/div><\/div>\t\t<\/div>\r\n\t<\/article>\r\n\t<article class=\"w-grid-item us_animate_afl size_1x1 post-9895 post type-post status-publish format-standard has-post-thumbnail hentry category-entrees\" data-id=\"9895\" style=\"animation-delay:0.2s\">\r\n\t\t<div class=\"w-grid-item-h\">\r\n\t\t\t\t\t\t<div class=\"w-hwrapper usg_hwrapper_1 align_left valign_top\"><div class=\"w-post-elm post_image usg_post_image_1 as_circle has_width stretched\"><a href=\"https:\/\/atelier-des-cuisiniers.com\/fr\/roulade-de-saumon\/\" aria-label=\"Roulade de Saumon\"><img loading=\"lazy\" decoding=\"async\" width=\"400\" height=\"400\" src=\"https:\/\/atelier-des-cuisiniers.com\/wp-content\/uploads\/roulade-de-salade.jpg\" class=\"attachment-us_600_600_crop size-us_600_600_crop wp-post-image\" alt=\"\" srcset=\"https:\/\/atelier-des-cuisiniers.com\/wp-content\/uploads\/roulade-de-salade.jpg 400w, https:\/\/atelier-des-cuisiniers.com\/wp-content\/uploads\/roulade-de-salade-300x300.jpg 300w, https:\/\/atelier-des-cuisiniers.com\/wp-content\/uploads\/roulade-de-salade-150x150.jpg 150w, https:\/\/atelier-des-cuisiniers.com\/wp-content\/uploads\/roulade-de-salade-12x12.jpg 12w\" sizes=\"auto, (max-width: 400px) 100vw, 400px\" \/><\/a><\/div><div class=\"w-vwrapper usg_vwrapper_1 align_left valign_top\"><h2 class=\"w-post-elm post_title usg_post_title_1 entry-title color_link_inherit\"><a href=\"https:\/\/atelier-des-cuisiniers.com\/fr\/roulade-de-saumon\/\">Roulade de Saumon<\/a><\/h2><time class=\"w-post-elm post_date usg_post_date_1 entry-date published\" datetime=\"2023-06-13T17:43:05+00:00\" title=\"13 juin 2023 \u00e0 17:43:05 +00:00\">13 Juin 2023<\/time><div class=\"w-post-elm post_content usg_post_content_1\">Ingr\u00e9dients 125 g de fromage \u00e0 la cr\u00e8me \u00e0 tartiner \u00e0 temp\u00e9rature ambiante 2 c. \u00e0 soupe de ciboulette hach\u00e9e 1\/2 avocat tr\u00e8s m\u00fbr 2 c. \u00e0 th\u00e9 de jus de lime 150\u2026<\/div><\/div><\/div>\t\t<\/div>\r\n\t<\/article>\r\n\t<article class=\"w-grid-item us_animate_afl size_1x1 post-9890 post type-post status-publish format-standard has-post-thumbnail hentry category-entrees\" data-id=\"9890\" style=\"animation-delay:0.3s\">\r\n\t\t<div class=\"w-grid-item-h\">\r\n\t\t\t\t\t\t<div class=\"w-hwrapper usg_hwrapper_1 align_left valign_top\"><div class=\"w-post-elm post_image usg_post_image_1 as_circle has_width stretched\"><a href=\"https:\/\/atelier-des-cuisiniers.com\/fr\/boule-de-guacamole-sauce-aux-petits-pois-et-croquants-au-parmesan\/\" aria-label=\"Boule de guacamole, sauce aux petits pois et croquants au parmesan\"><img loading=\"lazy\" decoding=\"async\" width=\"1400\" height=\"787\" src=\"https:\/\/atelier-des-cuisiniers.com\/wp-content\/uploads\/boule-de-guacamole.jpg\" class=\"attachment-us_600_600_crop size-us_600_600_crop wp-post-image\" alt=\"\" srcset=\"https:\/\/atelier-des-cuisiniers.com\/wp-content\/uploads\/boule-de-guacamole.jpg 1400w, https:\/\/atelier-des-cuisiniers.com\/wp-content\/uploads\/boule-de-guacamole-300x169.jpg 300w, https:\/\/atelier-des-cuisiniers.com\/wp-content\/uploads\/boule-de-guacamole-1024x576.jpg 1024w, https:\/\/atelier-des-cuisiniers.com\/wp-content\/uploads\/boule-de-guacamole-18x10.jpg 18w, https:\/\/atelier-des-cuisiniers.com\/wp-content\/uploads\/boule-de-guacamole-600x337.jpg 600w\" sizes=\"auto, (max-width: 1400px) 100vw, 1400px\" \/><\/a><\/div><div class=\"w-vwrapper usg_vwrapper_1 align_left valign_top\"><h2 class=\"w-post-elm post_title usg_post_title_1 entry-title color_link_inherit\"><a href=\"https:\/\/atelier-des-cuisiniers.com\/fr\/boule-de-guacamole-sauce-aux-petits-pois-et-croquants-au-parmesan\/\">Boule de guacamole, sauce aux petits pois et croquants au parmesan<\/a><\/h2><time class=\"w-post-elm post_date usg_post_date_1 entry-date published\" datetime=\"2023-06-13T17:32:24+00:00\" title=\"13 juin 2023 \u00e0 17:32:24 +00:00\">13 Juin 2023<\/time><div class=\"w-post-elm post_content usg_post_content_1\">Pr\u00e9paration : 30 min Repos : 1h00 Cuisson : 10 min Personnes :2 Ingr\u00e9dients Pour le guacamole: 2 avocats m\u00fbrs 1 tomate Le jus d\u2019un citron vert 1\/2 oignon 1 gousse d\u2019ail 1\u2026<\/div><\/div><\/div>\t\t<\/div>\r\n\t<\/article>\r\n\t<article class=\"w-grid-item us_animate_afl size_1x1 post-9661 post type-post status-publish format-standard has-post-thumbnail hentry category-plats\" data-id=\"9661\" style=\"animation-delay:0s\">\r\n\t\t<div class=\"w-grid-item-h\">\r\n\t\t\t\t\t\t<div class=\"w-hwrapper usg_hwrapper_1 align_left valign_top\"><div class=\"w-post-elm post_image usg_post_image_1 as_circle has_width stretched\"><a href=\"https:\/\/atelier-des-cuisiniers.com\/fr\/tournedos-rossini\/\" aria-label=\"Tournedos rossini\"><img loading=\"lazy\" decoding=\"async\" width=\"400\" height=\"400\" src=\"https:\/\/atelier-des-cuisiniers.com\/wp-content\/uploads\/2023\/02\/Tournedos-rossini.jpg\" class=\"attachment-us_600_600_crop size-us_600_600_crop wp-post-image\" alt=\"\" srcset=\"https:\/\/atelier-des-cuisiniers.com\/wp-content\/uploads\/2023\/02\/Tournedos-rossini.jpg 400w, https:\/\/atelier-des-cuisiniers.com\/wp-content\/uploads\/2023\/02\/Tournedos-rossini-300x300.jpg 300w, https:\/\/atelier-des-cuisiniers.com\/wp-content\/uploads\/2023\/02\/Tournedos-rossini-150x150.jpg 150w, https:\/\/atelier-des-cuisiniers.com\/wp-content\/uploads\/2023\/02\/Tournedos-rossini-12x12.jpg 12w\" sizes=\"auto, (max-width: 400px) 100vw, 400px\" \/><\/a><\/div><div class=\"w-vwrapper usg_vwrapper_1 align_left valign_top\"><h2 class=\"w-post-elm post_title usg_post_title_1 entry-title color_link_inherit\"><a href=\"https:\/\/atelier-des-cuisiniers.com\/fr\/tournedos-rossini\/\">Tournedos rossini<\/a><\/h2><time class=\"w-post-elm post_date usg_post_date_1 entry-date published\" datetime=\"2023-02-03T17:54:17+00:00\" title=\"3 f\u00e9vrier 2023 \u00e0 17:54:17 +00:00\">3 F\u00e9v 2023<\/time><div class=\"w-post-elm post_content usg_post_content_1\">Tournedos rossini Cuisson 20 min INGR\u00c9DIENTS : 6 PERSONNES. 6 tournedos (filet de b\u0153uf). 6 tranches de pain de mie. 6 tranches de foie gras. 6 lamelles de truffes. 30 cl de fond\u2026<\/div><\/div><\/div>\t\t<\/div>\r\n\t<\/article>\r\n\t<article class=\"w-grid-item us_animate_afl size_1x2 post-9658 post type-post status-publish format-standard has-post-thumbnail hentry category-plats\" data-id=\"9658\" style=\"animation-delay:0.1s\">\r\n\t\t<div class=\"w-grid-item-h\">\r\n\t\t\t\t\t\t<div class=\"w-hwrapper usg_hwrapper_1 align_left valign_top\"><div class=\"w-post-elm post_image usg_post_image_1 as_circle has_width stretched\"><a href=\"https:\/\/atelier-des-cuisiniers.com\/fr\/carre-dagneau-en-croute-dherbes-et-ses-flageolets-a-la-provencale-ses-fagots-de-haricots-verts-et-echalotes-suees\/\" aria-label=\"Carr\u00e9 d&#8217;agneau en cro\u00fbte d&#8217;herbes et ses flageolets \u00e0 la proven\u00e7ale, ses fagots de haricots verts et \u00e9chalotes su\u00e9es\"><img loading=\"lazy\" decoding=\"async\" width=\"640\" height=\"420\" src=\"https:\/\/atelier-des-cuisiniers.com\/wp-content\/uploads\/2023\/02\/Carre-dagneau1.jpg\" class=\"attachment-us_600_600_crop size-us_600_600_crop wp-post-image\" alt=\"\" srcset=\"https:\/\/atelier-des-cuisiniers.com\/wp-content\/uploads\/2023\/02\/Carre-dagneau1.jpg 640w, https:\/\/atelier-des-cuisiniers.com\/wp-content\/uploads\/2023\/02\/Carre-dagneau1-300x197.jpg 300w, https:\/\/atelier-des-cuisiniers.com\/wp-content\/uploads\/2023\/02\/Carre-dagneau1-18x12.jpg 18w, https:\/\/atelier-des-cuisiniers.com\/wp-content\/uploads\/2023\/02\/Carre-dagneau1-600x394.jpg 600w\" sizes=\"auto, (max-width: 640px) 100vw, 640px\" \/><\/a><\/div><div class=\"w-vwrapper usg_vwrapper_1 align_left valign_top\"><h2 class=\"w-post-elm post_title usg_post_title_1 entry-title color_link_inherit\"><a href=\"https:\/\/atelier-des-cuisiniers.com\/fr\/carre-dagneau-en-croute-dherbes-et-ses-flageolets-a-la-provencale-ses-fagots-de-haricots-verts-et-echalotes-suees\/\">Carr\u00e9 d&#8217;agneau en cro\u00fbte d&#8217;herbes et ses flageolets \u00e0 la proven\u00e7ale, ses fagots de haricots verts et \u00e9chalotes su\u00e9es<\/a><\/h2><time class=\"w-post-elm post_date usg_post_date_1 entry-date published\" datetime=\"2023-02-03T17:42:23+00:00\" title=\"3 f\u00e9vrier 2023 \u00e0 17:42:23 +00:00\">3 F\u00e9v 2023<\/time><div class=\"w-post-elm post_content usg_post_content_1\">Pr\u00e9paration : 10min Cuisson : 20min Ingr\u00e9dients . 4 carr\u00e9s d&#8217;agneau (170g pi\u00e8ce) 1 boite d&#8217;haricots verts 1 boite de flageolets 4 \u00e9chalotes 1 tomate 2 gousses d&#8217;ail 108 g d&#8217;huile d&#8217;olive 70\u2026<\/div><\/div><\/div>\t\t<\/div>\r\n\t<\/article>\r\n<\/div><div class=\"w-grid-preloader\"><div class=\"g-preloader type_1\">\r\n\t<div><\/div>\r\n<\/div>\r\n<\/div>\t\t<div class=\"g-loadmore \">\r\n\t\t\t<div class=\"g-preloader type_1\">\r\n\t\t\t\t<div><\/div>\r\n\t\t\t<\/div>\r\n\t\t\t<a class=\"w-btn us-btn-style_2\" href=\"javascript:void(0)\">\r\n\t\t\t\t<span class=\"w-btn-label\">Voir la suite<\/span>\r\n\t\t\t<\/a>\r\n\t\t<\/div>\r\n\t\t\t<div class=\"w-grid-json hidden\" onclick='return {&quot;action&quot;:&quot;us_ajax_grid&quot;,&quot;ajax_url&quot;:&quot;https:\\\/\\\/atelier-des-cuisiniers.com\\\/wp-admin\\\/admin-ajax.php&quot;,&quot;infinite_scroll&quot;:0,&quot;max_num_pages&quot;:6,&quot;pagination&quot;:&quot;ajax&quot;,&quot;permalink_url&quot;:&quot;https:\\\/\\\/atelier-des-cuisiniers.com\\\/fr\\\/wp-json\\\/wp\\\/v2\\\/pages\\\/8058&quot;,&quot;template_vars&quot;:{&quot;columns&quot;:&quot;2&quot;,&quot;exclude_items&quot;:&quot;none&quot;,&quot;img_size&quot;:&quot;default&quot;,&quot;ignore_items_size&quot;:false,&quot;items_layout&quot;:&quot;1639&quot;,&quot;items_offset&quot;:&quot;1&quot;,&quot;load_animation&quot;:&quot;afl&quot;,&quot;overriding_link&quot;:&quot;none&quot;,&quot;post_id&quot;:8058,&quot;query_args&quot;:{&quot;post_type&quot;:[&quot;post&quot;],&quot;tax_query&quot;:[{&quot;taxonomy&quot;:&quot;category&quot;,&quot;field&quot;:&quot;slug&quot;,&quot;terms&quot;:[&quot;desserts&quot;,&quot;entrees&quot;,&quot;plats&quot;]}],&quot;post_status&quot;:[&quot;publish&quot;],&quot;posts_per_page&quot;:&quot;6&quot;},&quot;orderby_query_args&quot;:{&quot;orderby&quot;:{&quot;date&quot;:&quot;DESC&quot;}},&quot;type&quot;:&quot;grid&quot;,&quot;us_grid_ajax_index&quot;:1,&quot;us_grid_filter_params&quot;:null,&quot;us_grid_index&quot;:1,&quot;_us_grid_post_type&quot;:&quot;post&quot;}}'><\/div>\r\n\t<\/div><\/div><\/div><div class=\"wpb_column vc_column_container\"><div class=\"vc_column-inner\"><div  class=\"vc_wp_categories wpb_content_element\"><div class=\"widget widget_categories\"><h2 class=\"widgettitle\">Nos Recettes<\/h2>\n\t\t\t<ul>\n\t\t\t\t\t<li class=\"cat-item cat-item-5\"><a href=\"https:\/\/atelier-des-cuisiniers.com\/fr\/category\/desserts\/\">Desserts<\/a>\n<\/li>\n\t<li class=\"cat-item cat-item-4\"><a href=\"https:\/\/atelier-des-cuisiniers.com\/fr\/category\/entrees\/\">Entr\u00e9es<\/a>\n<\/li>\n\t<li class=\"cat-item cat-item-3\"><a href=\"https:\/\/atelier-des-cuisiniers.com\/fr\/category\/plats\/\">Plats<\/a>\n<\/li>\n\t\t\t<\/ul>\n\n\t\t\t<\/div><\/div><\/div><\/div><\/div><\/div><\/section>\n","protected":false},"excerpt":{"rendered":"Pr\u00e9paration : 10min Cuisson : 20min Ingr\u00e9dients . 4 carr\u00e9s d'agneau (170g pi\u00e8ce) 1 boite d'haricots verts 1 boite de flageolets 4 \u00e9chalotes 1 tomate 2 gousses d'ail 108 g d'huile d'olive 70 g de chapelure 40 g de beurre 30 g de carottes 25 g de fines herbes 20 cl de jus de veau...","protected":false},"author":1,"featured_media":1569,"parent":0,"menu_order":0,"comment_status":"closed","ping_status":"closed","template":"","meta":{"_joinchat":[],"footnotes":""},"class_list":["post-8058","page","type-page","status-publish","has-post-thumbnail","hentry"],"_links":{"self":[{"href":"https:\/\/atelier-des-cuisiniers.com\/fr\/wp-json\/wp\/v2\/pages\/8058","targetHints":{"allow":["GET"]}}],"collection":[{"href":"https:\/\/atelier-des-cuisiniers.com\/fr\/wp-json\/wp\/v2\/pages"}],"about":[{"href":"https:\/\/atelier-des-cuisiniers.com\/fr\/wp-json\/wp\/v2\/types\/page"}],"author":[{"embeddable":true,"href":"https:\/\/atelier-des-cuisiniers.com\/fr\/wp-json\/wp\/v2\/users\/1"}],"replies":[{"embeddable":true,"href":"https:\/\/atelier-des-cuisiniers.com\/fr\/wp-json\/wp\/v2\/comments?post=8058"}],"version-history":[{"count":23,"href":"https:\/\/atelier-des-cuisiniers.com\/fr\/wp-json\/wp\/v2\/pages\/8058\/revisions"}],"predecessor-version":[{"id":9858,"href":"https:\/\/atelier-des-cuisiniers.com\/fr\/wp-json\/wp\/v2\/pages\/8058\/revisions\/9858"}],"wp:featuredmedia":[{"embeddable":true,"href":"https:\/\/atelier-des-cuisiniers.com\/fr\/wp-json\/wp\/v2\/media\/1569"}],"wp:attachment":[{"href":"https:\/\/atelier-des-cuisiniers.com\/fr\/wp-json\/wp\/v2\/media?parent=8058"}],"curies":[{"name":"wp","href":"https:\/\/api.w.org\/{rel}","templated":true}]}}